{"id":1941,"date":"2025-05-29T09:53:21","date_gmt":"2025-05-29T09:53:21","guid":{"rendered":"https:\/\/www.careium.com\/es\/?page_id=1941"},"modified":"2026-03-27T16:05:06","modified_gmt":"2026-03-27T16:05:06","slug":"eco-informacion","status":"publish","type":"page","link":"https:\/\/www.careium.com\/es\/acerca-de-nosotros\/sostenibilidad\/eco-informacion\/","title":{"rendered":"Informaci\u00f3n ecol\u00f3gica"},"content":{"rendered":"\n<h1 class=\"wp-block-heading\">Reciclaje y aspectos ambientales<\/h1>\n\n\n\n<p class=\"has-text-align-left\"><strong>\u00bfNecesita orientaci\u00f3n sobre reciclaje o datos sobre aspectos ambientales?<\/strong><\/p>\n\n\n\n<h3 class=\"wp-block-heading\">Informaci\u00f3n ambiental<\/h3>\n\n\n\n<p>Nuestro marco de sostenibilidad se basa en ayudar a las personas mayores a vivir mejor. Contribuimos al desarrollo sostenible de la sociedad cuando las personas mayores que necesitan apoyo y asistencia pueden usar nuestra tecnolog\u00eda para vivir de forma m\u00e1s independiente, segura y plena. Proporcionamos a nuestros clientes las herramientas necesarias para un uso eficaz de los recursos.<\/p>\n\n\n\n<p>Careium cuenta con las certificaciones internacionales de calidad (ISO 9001), medio ambiente (ISO 14001) y seguridad de la informaci\u00f3n (ISO 27001). Adem\u00e1s, apoyamos la Agenda 2030 y los 17 Objetivos de Desarrollo Sostenible de la ONU.<\/p>\n\n\n\n<h3 class=\"wp-block-heading\">Objetivo 12: Consumo y producci\u00f3n sostenibles<\/h3>\n\n\n\n<p>Nuestro objetivo es elegir materiales para nuestros productos que demuestren un s\u00f3lido desempe\u00f1o ambiental durante todo su ciclo de vida, desde la obtenci\u00f3n de las materias primas hasta el reciclaje. Nos centramos en promover el uso circular de productos, priorizando altas tasas de reutilizaci\u00f3n y reciclaje. Adem\u00e1s, priorizamos productos f\u00e1cilmente reparables y con piezas reemplazables.<\/p>\n\n\n\n<p>Elija una categor\u00eda a continuaci\u00f3n para obtener informaci\u00f3n adicional sobre nuestros productos y orientaci\u00f3n sobre c\u00f3mo puede contribuir a la sostenibilidad y el bienestar de nuestro medio ambiente.<br><\/p>\n\n\n<div class=\"wp-block-text-cards \"\n    style=\"\" data-columns=\"\">\n    \n<div class=\"wp-block-text-card\" style=\"\">\n    <h3>Ecodise\u00f1o<\/h3>\n<p>Informaci\u00f3n sobre los datos de ecodise\u00f1o<\/p>\n\n            <a class=\"wp-block-text-card__link link link--arrow \"\n            href=\"https:\/\/www.careium.com\/es\/acerca-de-nosotros\/sostenibilidad\/eco-informacion\/ecodesign\/\" target=\"_self\">Declaraci\u00f3n de ecodise\u00f1o<\/a>\n    <\/div>\n\n\n<div class=\"wp-block-text-card\" style=\"\">\n    <h3>Embalaje<\/h3>\n<p><span style=\"font-weight: 400;\">Gesti\u00f3n de residuos de material de embalaje<\/span><\/p>\n\n            <a class=\"wp-block-text-card__link link link--arrow \"\n            href=\"https:\/\/www.careium.com\/es\/acerca-de-nosotros\/sostenibilidad\/eco-informacion\/packaging\/\" target=\"_self\">Clasificaci\u00f3n de materiales de embalaje<\/a>\n    <\/div>\n\n\n<div class=\"wp-block-text-card\" style=\"\">\n    <h3>Bater\u00edas<\/h3>\n<p>Reemplazo y eliminaci\u00f3n sostenible de nuestras bater\u00edas<\/p>\n\n            <a class=\"wp-block-text-card__link link link--arrow \"\n            href=\"https:\/\/www.careium.com\/es\/acerca-de-nosotros\/sostenibilidad\/eco-informacion\/baterias\/\" target=\"_self\">Reciclaje de bater\u00edas<\/a>\n    <\/div>\n\n\n<div class=\"wp-block-text-card\" style=\"\">\n    <h3>Electr\u00f3nica<\/h3>\n<p>Gesti\u00f3n y prevenci\u00f3n de residuos electr\u00f3nicos<\/p>\n\n            <a class=\"wp-block-text-card__link link link--arrow \"\n            href=\"https:\/\/www.careium.com\/es\/acerca-de-nosotros\/sostenibilidad\/eco-informacion\/electronica\/\" target=\"_self\">Gesti\u00f3n de residuos electr\u00f3nicos<\/a>\n    <\/div>\n\n\n<\/div>\n","protected":false},"excerpt":{"rendered":"<p>Reciclaje y aspectos ambientales \u00bfNecesita orientaci\u00f3n sobre reciclaje o datos sobre aspectos ambientales? Informaci\u00f3n ambiental Nuestro marco de sostenibilidad se basa en ayudar a las personas mayores a vivir mejor. Contribuimos al desarrollo sostenible de la sociedad cuando las personas mayores que necesitan apoyo y asistencia pueden usar nuestra tecnolog\u00eda para vivir de forma m\u00e1s&#8230;<\/p>\n","protected":false},"author":5,"featured_media":0,"parent":428,"menu_order":0,"comment_status":"closed","ping_status":"closed","template":"template-text-page.blade.php","meta":{"_acf_changed":false,"footnotes":""},"class_list":["post-1941","page","type-page","status-publish","hentry"],"acf":[],"_links":{"self":[{"href":"https:\/\/www.careium.com\/es\/wp-json\/wp\/v2\/pages\/1941","targetHints":{"allow":["GET"]}}],"collection":[{"href":"https:\/\/www.careium.com\/es\/wp-json\/wp\/v2\/pages"}],"about":[{"href":"https:\/\/www.careium.com\/es\/wp-json\/wp\/v2\/types\/page"}],"author":[{"embeddable":true,"href":"https:\/\/www.careium.com\/es\/wp-json\/wp\/v2\/users\/5"}],"replies":[{"embeddable":true,"href":"https:\/\/www.careium.com\/es\/wp-json\/wp\/v2\/comments?post=1941"}],"version-history":[{"count":4,"href":"https:\/\/www.careium.com\/es\/wp-json\/wp\/v2\/pages\/1941\/revisions"}],"predecessor-version":[{"id":4555,"href":"https:\/\/www.careium.com\/es\/wp-json\/wp\/v2\/pages\/1941\/revisions\/4555"}],"up":[{"embeddable":true,"href":"https:\/\/www.careium.com\/es\/wp-json\/wp\/v2\/pages\/428"}],"wp:attachment":[{"href":"https:\/\/www.careium.com\/es\/wp-json\/wp\/v2\/media?parent=1941"}],"curies":[{"name":"wp","href":"https:\/\/api.w.org\/{rel}","templated":true}]}}