{"id":613,"date":"2025-05-06T13:32:30","date_gmt":"2025-05-06T13:32:30","guid":{"rendered":"https:\/\/www.careium.com\/fr\/?page_id=613"},"modified":"2026-03-05T12:07:45","modified_gmt":"2026-03-05T11:07:45","slug":"durable","status":"publish","type":"page","link":"https:\/\/www.careium.com\/fr\/a-propos\/durable\/","title":{"rendered":"D\u00e9veloppement durable"},"content":{"rendered":"<div class=\"wp-block-breadcrumbs\" style=\"\">\n    <div class=\"breadcrumbs  max-xl:lg:mt-4\">\n    <nav aria-label=\"breadcrumbs\">\n        <ul class=\"!ml-0 mb-4 mt-2 flex items-center gap-1 pl-0\">\n                            <li class=\"text-primary-100 my-0 flex list-none items-center pl-0 text-xs md:text-sm\">\n                    <a class=\"link link--breadcrumb\" href=\"https:\/\/www.careium.com\/fr\/\">Accueil<\/a>\n                                    <\/li>\n                    <\/ul>\n    <\/nav>\n<\/div>\n<\/div>\n\n\n<div class=\"wp-block-hero alignfull   \"\n    style=\"\">\n    <div class=\"wp-block-hero__container container\">\n                    <div class=\"wp-block-hero__text\">\n                <h1 class=\"wp-block-hero__heading\">Notre travail en mati\u00e8re de d\u00e9veloppement durable<\/h1>\n                                    <p class=\"wp-block-hero__preamble\">Nous pensons qu&rsquo;il est important de garantir une qualit\u00e9 \u00e9lev\u00e9e et une approche environnementale qui profite \u00e0 la soci\u00e9t\u00e9, tant au niveau local que mondial;<br \/>\r\n<br \/>\r\nNous sommes certifi\u00e9s selon les normes internationales de qualit\u00e9. ISO 9001, environnement ISO 14001 et la s\u00e9curit\u00e9 de l&rsquo;information ISO 27001. Nous soutenons \u00e9galement les objectifs mondiaux des Nations unies en mati\u00e8re de d\u00e9veloppement durable, et nous tenons compte de certains d&rsquo;entre eux dans notre strat\u00e9gie et nos activit\u00e9s quotidiennes;<\/p>\n                \n                                            <\/div>\n                            <picture>\n                                    <source media=\"(min-width: 600px and max-width: 1023px)\" srcset=\"https:\/\/www.careium.com\/app\/uploads\/sites\/3\/2026\/03\/Squares-pics-1.png.webp\" type=\"image\/webp\"\n                    width=\"1080\" height=\"1080\">\n                            <source media=\"(min-width: 600px and max-width: 1023px)\" srcset=\"https:\/\/www.careium.com\/app\/uploads\/sites\/3\/2026\/03\/Squares-pics-1.png\" type=\"image\/png\"\n                    width=\"1080\" height=\"1080\">\n                                                <source media=\"((min-width: 1px and max-width: 599px) or (min-width: 1024px))\" srcset=\"https:\/\/www.careium.com\/app\/uploads\/sites\/3\/2026\/03\/Squares-pics-1-610x610.png.webp\" type=\"image\/webp\"\n                    width=\"610\" height=\"610\">\n                            <source media=\"((min-width: 1px and max-width: 599px) or (min-width: 1024px))\" srcset=\"https:\/\/www.careium.com\/app\/uploads\/sites\/3\/2026\/03\/Squares-pics-1-610x610.png\" type=\"image\/png\"\n                    width=\"610\" height=\"610\">\n                    \n\n        <img fetchpriority=\"high\" decoding=\"async\"  src=\"https:\/\/www.careium.com\/app\/uploads\/sites\/3\/2026\/03\/Squares-pics-1.png\" alt=\"man-wearing-mobile-social-alarm-tending-to-plants-scaled\" loading=\"eager\"\n            width=\"1080\" height=\"1080\">\n    <\/picture>\n            <\/div>\n<\/div>\n\n\n\n<div style=\"height:100px\" aria-hidden=\"true\" class=\"wp-block-spacer is-style-medium\"><\/div>\n\n\n<div class=\"wp-block-list-image wp-block-list-image--image-right not-prose\" style=\"\">\n            <div class=\"wp-block-list-image__image\">\n            <picture>\n                                    <source media=\"(min-width: 700px)\" srcset=\"https:\/\/www.careium.com\/app\/uploads\/sites\/3\/2025\/05\/un-sustainable-development-goals-780x462.png.webp\" type=\"image\/webp\"\n                    width=\"780\" height=\"462\">\n                            <source media=\"(min-width: 700px)\" srcset=\"https:\/\/www.careium.com\/app\/uploads\/sites\/3\/2025\/05\/un-sustainable-development-goals-780x462.png\" type=\"image\/png\"\n                    width=\"780\" height=\"462\">\n                                                <source media=\"(max-width: 699px)\" srcset=\"https:\/\/www.careium.com\/app\/uploads\/sites\/3\/2025\/05\/un-sustainable-development-goals-700x414.png.webp\" type=\"image\/webp\"\n                    width=\"700\" height=\"414\">\n                            <source media=\"(max-width: 699px)\" srcset=\"https:\/\/www.careium.com\/app\/uploads\/sites\/3\/2025\/05\/un-sustainable-development-goals-700x414.png\" type=\"image\/png\"\n                    width=\"700\" height=\"414\">\n                                                <source media=\"(max-width: 500px)\" srcset=\"https:\/\/www.careium.com\/app\/uploads\/sites\/3\/2025\/05\/un-sustainable-development-goals-520x308.png.webp\" type=\"image\/webp\"\n                    width=\"520\" height=\"308\">\n                            <source media=\"(max-width: 500px)\" srcset=\"https:\/\/www.careium.com\/app\/uploads\/sites\/3\/2025\/05\/un-sustainable-development-goals-520x308.png\" type=\"image\/png\"\n                    width=\"520\" height=\"308\">\n                    \n\n        <img decoding=\"async\" class=\"image-fit\" src=\"https:\/\/www.careium.com\/app\/uploads\/sites\/3\/2025\/05\/un-sustainable-development-goals-780x462.png\" alt=\"\" loading=\"lazy\"\n            width=\"780\" height=\"462\">\n    <\/picture>\n        <\/div>\n        <div class=\"wp-block-list-image__text\">\n                        <h2\n            class=\"wp-block-list-image__heading wp-block-list-image__heading--sm\">\n            Notre contribution aux objectifs de d\u00e9veloppement durable des Nations unies            <\/h2>\n                        <div\n            class=\"wp-block-list-image__preamble wp-block-list-image__preamble--sm\">\n            <p>Nous tenons compte des objectifs s\u00e9lectionn\u00e9s dans notre strat\u00e9gie et dans nos activit\u00e9s quotidiennes.<\/p>\n\n        <\/div>\n                                                    <a class=\"wp-block-list-image__link link--arrow link link--arrow\" href=\"https:\/\/www.careium.com\/fr\/a-propos\/durable\/developpement-durable\/\"\n                    target=\"_self\">En savoir plus sur nos objectifs<\/a>\n                        <\/div>\n<\/div>\n\n\n\n<div style=\"height:100px\" aria-hidden=\"true\" class=\"wp-block-spacer is-style-small\"><\/div>\n\n\n<div class=\"wp-block-list-image wp-block-list-image--image-left not-prose\" style=\"\">\n            <div class=\"wp-block-list-image__image\">\n            <picture>\n                                    <source media=\"(min-width: 700px)\" srcset=\"https:\/\/www.careium.com\/app\/uploads\/sites\/3\/2025\/05\/man-on-bench-outdoors5.jpg\" type=\"image\/jpeg\"\n                    width=\"600\" height=\"380\">\n                                                <source media=\"(max-width: 699px)\" srcset=\"https:\/\/www.careium.com\/app\/uploads\/sites\/3\/2025\/05\/man-on-bench-outdoors5.jpg\" type=\"image\/jpeg\"\n                    width=\"600\" height=\"380\">\n                                                <source media=\"(max-width: 500px)\" srcset=\"https:\/\/www.careium.com\/app\/uploads\/sites\/3\/2025\/05\/man-on-bench-outdoors5-520x329.jpg\" type=\"image\/jpeg\"\n                    width=\"520\" height=\"329\">\n                    \n\n        <img decoding=\"async\" class=\"\" src=\"https:\/\/www.careium.com\/app\/uploads\/sites\/3\/2025\/05\/man-on-bench-outdoors5.jpg\" alt=\"Homme \u00e2g\u00e9 assis sur un banc regardant un lac\" loading=\"lazy\"\n            width=\"600\" height=\"380\">\n    <\/picture>\n        <\/div>\n        <div class=\"wp-block-list-image__text\">\n                        <h2\n            class=\"wp-block-list-image__heading wp-block-list-image__heading--sm\">\n            Optimisation des ressources            <\/h2>\n                        <div\n            class=\"wp-block-list-image__preamble wp-block-list-image__preamble--sm\">\n            <p>Co\u00fbt de la soci\u00e9t\u00e9, prise en charge des personnes et de la plan\u00e8te.<\/p>\n\n        <\/div>\n                                                    <a class=\"wp-block-list-image__link link--arrow link link--arrow\" href=\"https:\/\/www.careium.com\/fr\/a-propos\/durable\/impact-environnemental\/\"\n                    target=\"_self\">En savoir plus sur l\u2019efficacit\u00e9 des ressources<\/a>\n                        <\/div>\n<\/div>\n\n\n\n<div style=\"height:50px\" aria-hidden=\"true\" class=\"wp-block-spacer\"><\/div>\n\n\n<div class=\"wp-block-text-cards \"\n    style=\"\" data-columns=\"\">\n    \n<div class=\"wp-block-text-card\" style=\"\">\n    <h3>Des services auxquels on peut faire confiance<\/h3>\n<p>S\u00e9curit\u00e9 de l&rsquo;information, utilisation s\u00fbre et facile<\/p>\n\n            <a class=\"wp-block-text-card__link link link--arrow \"\n            href=\"https:\/\/www.careium.com\/fr\/a-propos\/durable\/services-de-confiance\/\" target=\"_self\">Voir les informations d&#039;identification<\/a>\n    <\/div>\n\n\n<div class=\"wp-block-text-card\" style=\"\">\n    <h3>Produits de confiance &#8211; Produits certifi\u00e9s<\/h3>\n<p>Valeur pour l&rsquo;utilisateur et r\u00e9parabilit\u00e9 du produit<\/p>\n\n            <a class=\"wp-block-text-card__link link link--arrow \"\n            href=\"https:\/\/www.careium.com\/fr\/a-propos\/durable\/produits-fiables-seniors\/\" target=\"_self\">En savoir plus sur nos produits certifi\u00e9s<\/a>\n    <\/div>\n\n\n<div class=\"wp-block-text-card is-style-pink\" style=\"\">\n    <h3>Un socle d&rsquo;activit\u00e9 responsable<\/h3>\n<p>Employ\u00e9s, cha\u00eene d&rsquo;approvisionnement et gouvernance<\/p>\n\n            <a class=\"wp-block-text-card__link link link--arrow \"\n            href=\"https:\/\/www.careium.com\/fr\/a-propos\/durable\/entreprise-responsable-ethique\/\" target=\"_self\">En savoir plus sur nos engagements<\/a>\n    <\/div>\n\n\n<div class=\"wp-block-text-card is-style-pink\" style=\"\">\n    <h3>Le recyclage et les propri\u00e9t\u00e9s environnementales<\/h3>\n<p>Besoin d&rsquo;aide pour le recyclage ?<\/p>\n\n            <a class=\"wp-block-text-card__link link link--arrow \"\n            href=\"https:\/\/www.careium.com\/fr\/a-propos\/durable\/eco-information\/\" target=\"_self\">En savoir plus sur le recyclage et l&#039;impact environnemental<\/a>\n    <\/div>\n\n\n<\/div>\n\n\n\n<div style=\"height:100px\" aria-hidden=\"true\" class=\"wp-block-spacer is-style-large\"><\/div>\n","protected":false},"excerpt":{"rendered":"","protected":false},"author":5,"featured_media":0,"parent":373,"menu_order":0,"comment_status":"closed","ping_status":"closed","template":"","meta":{"_acf_changed":false,"footnotes":""},"class_list":["post-613","page","type-page","status-publish","hentry"],"acf":[],"_links":{"self":[{"href":"https:\/\/www.careium.com\/fr\/wp-json\/wp\/v2\/pages\/613","targetHints":{"allow":["GET"]}}],"collection":[{"href":"https:\/\/www.careium.com\/fr\/wp-json\/wp\/v2\/pages"}],"about":[{"href":"https:\/\/www.careium.com\/fr\/wp-json\/wp\/v2\/types\/page"}],"author":[{"embeddable":true,"href":"https:\/\/www.careium.com\/fr\/wp-json\/wp\/v2\/users\/5"}],"replies":[{"embeddable":true,"href":"https:\/\/www.careium.com\/fr\/wp-json\/wp\/v2\/comments?post=613"}],"version-history":[{"count":4,"href":"https:\/\/www.careium.com\/fr\/wp-json\/wp\/v2\/pages\/613\/revisions"}],"predecessor-version":[{"id":5108,"href":"https:\/\/www.careium.com\/fr\/wp-json\/wp\/v2\/pages\/613\/revisions\/5108"}],"up":[{"embeddable":true,"href":"https:\/\/www.careium.com\/fr\/wp-json\/wp\/v2\/pages\/373"}],"wp:attachment":[{"href":"https:\/\/www.careium.com\/fr\/wp-json\/wp\/v2\/media?parent=613"}],"curies":[{"name":"wp","href":"https:\/\/api.w.org\/{rel}","templated":true}]}}